{"id":105,"date":"2021-10-24T13:49:14","date_gmt":"2021-10-24T11:49:14","guid":{"rendered":"http:\/\/www.salesches.fr\/?page_id=105"},"modified":"2024-01-31T16:06:50","modified_gmt":"2024-01-31T15:06:50","slug":"la-vie-municipale","status":"publish","type":"page","link":"http:\/\/www.salesches.fr\/?page_id=105","title":{"rendered":"La vie municipale"},"content":{"rendered":"<p>Cette rubrique est destin\u00e9e \u00e0 vous permettre de (re)d\u00e9couvrir le fonctionnement de la municipalit\u00e9 et ses publications.<\/p>\n<p>Attention, ces pages ne sont mises \u00e0 disposition qu&#8217;\u00e0 titre informatif. L&#8217;affichage officiel reste toujours valable, directement dans la cour de la mairie.<\/p>\n<p>Acc\u00e9dez :<\/p>\n<ul>\n<li><a href=\"http:\/\/www.salesches.fr\/?page_id=134\">Aux compte-rendu des diff\u00e9rents conseils municipaux<\/a><\/li>\n<li><a href=\"http:\/\/www.salesches.fr\/?page_id=334\">A la page d\u00e9di\u00e9e au comit\u00e9s communaux<\/a><\/li>\n<li><a href=\"http:\/\/www.salesches.fr\/?page_id=186\">Aux bulletins municipaux<\/a><\/li>\n<li><a href=\"http:\/\/www.salesches.fr\/?page_id=184\">A l&#8217;agenda des manifestations de la commune<\/a><\/li>\n<\/ul>\n\n\n<div class=\"wp-block-media-text alignwide is-stacked-on-mobile has-black-color has-text-color has-background\" style=\"background-color:#d7dee4;grid-template-columns:15% auto\"><figure class=\"wp-block-media-text__media\"><a href=\"https:\/\/app.panneaupocket.com\/ville\/711260665-salesches-59218\"><img loading=\"lazy\" decoding=\"async\" width=\"498\" height=\"504\" src=\"http:\/\/www.salesches.fr\/wp-content\/uploads\/2021\/10\/logopanneaupocket.jpg\" alt=\"\" class=\"wp-image-312 size-full\" srcset=\"http:\/\/www.salesches.fr\/wp-content\/uploads\/2021\/10\/logopanneaupocket.jpg 498w, http:\/\/www.salesches.fr\/wp-content\/uploads\/2021\/10\/logopanneaupocket-296x300.jpg 296w, http:\/\/www.salesches.fr\/wp-content\/uploads\/2021\/10\/logopanneaupocket-465x471.jpg 465w, http:\/\/www.salesches.fr\/wp-content\/uploads\/2021\/10\/logopanneaupocket-494x500.jpg 494w\" sizes=\"auto, (max-width: 498px) 100vw, 498px\" \/><\/a><\/figure><div class=\"wp-block-media-text__content\">\n<p class=\"has-text-align-center has-normal-font-size\">Tenez-vous inform\u00e9s des messages communaux avec l&#8217;<strong>application PanneauPocket<\/strong> !<\/p>\n<\/div><\/div>\n\n\n\n<div class=\"wp-block-columns is-layout-flex wp-container-core-columns-is-layout-9d6595d7 wp-block-columns-is-layout-flex\">\n<div class=\"wp-block-column is-layout-flow wp-block-column-is-layout-flow\" style=\"flex-basis:33.33%\">\n<p class=\"has-text-align-center\">En ce d\u00e9but d&#8217;ann\u00e9e 2024, nous vous invitons \u00e0 prendre connaissance des v\u0153ux du Maire !<\/p>\n<\/div>\n\n\n\n<div class=\"wp-block-column is-layout-flow wp-block-column-is-layout-flow\" style=\"flex-basis:66.66%\"><div class=\"_3d-flip-book  fb3d-fullscreen-mode full-size\" data-id=\"862\" data-mode=\"fullscreen\" data-title=\"false\" data-template=\"short-white-book-view\" data-lightbox=\"dark-shadow\" data-urlparam=\"fb3d-page\" data-page-n=\"0\" data-pdf=\"\" data-tax=\"null\" data-thumbnail=\"\" data-cols=\"3\" data-book-template=\"default\" data-trigger=\"\"><\/div><script type=\"text\/javascript\">window.FB3D_CLIENT_DATA = window.FB3D_CLIENT_DATA || [];FB3D_CLIENT_DATA.push('eyJwb3N0cyI6eyI4NjIiOnsiSUQiOjg2MiwidGl0bGUiOiJ2b2V1eDIwMjQiLCJ0eXBlIjoicGRmIiwicmVhZHlfZnVuY3Rpb24iOiIiLCJib29rX3N0eWxlIjoiZmxhdCIsImJvb2tfdGVtcGxhdGUiOiJub25lIiwib3V0bGluZSI6W10sImRhdGEiOnsicG9zdF9JRCI6Ijg2MyIsImd1aWQiOiJodHRwOlwvXC93d3cuc2FsZXNjaGVzLmZyXC93cC1jb250ZW50XC91cGxvYWRzXC8yMDI0XC8wMVwvdm9ldXhfMjAyNC5wZGYiLCJwZGZfcGFnZXMiOiIyIiwicGFnZXNfY3VzdG9taXphdGlvbiI6Im5vbmUifSwidGh1bWJuYWlsIjp7ImRhdGEiOnsicG9zdF9JRCI6IjAifSwidHlwZSI6ImF1dG8ifSwicHJvcHMiOnsiYmFja2dyb3VuZENvbG9yIjoiYXV0byIsImJhY2tncm91bmRJbWFnZSI6ImF1dG8iLCJiYWNrZ3JvdW5kU3R5bGUiOiJhdXRvIiwiaGlnaGxpZ2h0TGlua3MiOiJhdXRvIiwibGlnaHRpbmciOiJhdXRvIiwiY2FjaGVkUGFnZXMiOiJhdXRvIiwicmVuZGVySW5hY3RpdmVQYWdlcyI6ImF1dG8iLCJyZW5kZXJJbmFjdGl2ZVBhZ2VzT25Nb2JpbGUiOiJhdXRvIiwicmVuZGVyV2hpbGVGbGlwcGluZyI6ImF1dG8iLCJwcmVsb2FkUGFnZXMiOiJhdXRvIiwiYXV0b1BsYXlEdXJhdGlvbiI6ImF1dG8iLCJydGwiOiJhdXRvIiwiaW50ZXJhY3RpdmVDb3JuZXJzIjoiYXV0byIsIm1heERlcHRoIjoiYXV0byIsInNoZWV0Ijp7InN0YXJ0VmVsb2NpdHkiOiJhdXRvIiwid2F2ZSI6ImF1dG8iLCJzaGFwZSI6ImF1dG8iLCJ3aWR0aFRleGVscyI6ImF1dG8iLCJjb2xvciI6ImF1dG8iLCJzaWRlIjoiYXV0byIsImNvcm5lckRldmlhdGlvbiI6ImF1dG8iLCJmbGV4aWJpbGl0eSI6ImF1dG8iLCJmbGV4aWJsZUNvcm5lciI6ImF1dG8iLCJiZW5kaW5nIjoiYXV0byIsImhlaWdodFRleGVscyI6ImF1dG8ifSwiY292ZXIiOnsid2F2ZSI6ImF1dG8iLCJjb2xvciI6ImF1dG8iLCJzaWRlIjoiYXV0byIsImJpbmRlclRleHR1cmUiOiJhdXRvIiwiZGVwdGgiOiJhdXRvIiwicGFkZGluZyI6ImF1dG8iLCJzdGFydFZlbG9jaXR5IjoiYXV0byIsImZsZXhpYmlsaXR5IjoiYXV0byIsImZsZXhpYmxlQ29ybmVyIjoiYXV0byIsImJlbmRpbmciOiJhdXRvIiwid2lkdGhUZXhlbHMiOiJhdXRvIiwiaGVpZ2h0VGV4ZWxzIjoiYXV0byIsIm1hc3MiOiJhdXRvIiwic2hhcGUiOiJhdXRvIn0sInBhZ2UiOnsid2F2ZSI6ImF1dG8iLCJjb2xvciI6ImF1dG8iLCJzaWRlIjoiYXV0byIsImRlcHRoIjoiYXV0byIsInN0YXJ0VmVsb2NpdHkiOiJhdXRvIiwiZmxleGliaWxpdHkiOiJhdXRvIiwiZmxleGlibGVDb3JuZXIiOiJhdXRvIiwiYmVuZGluZyI6ImF1dG8iLCJ3aWR0aFRleGVscyI6ImF1dG8iLCJoZWlnaHRUZXhlbHMiOiJhdXRvIiwibWFzcyI6ImF1dG8iLCJzaGFwZSI6ImF1dG8ifSwiaGVpZ2h0IjoiYXV0byIsIndpZHRoIjoiYXV0byIsImdyYXZpdHkiOiJhdXRvIiwicGFnZXNGb3JQcmVkaWN0aW5nIjoiYXV0byJ9LCJjb250cm9sUHJvcHMiOnsiYWN0aW9ucyI6eyJjbWRUb2MiOnsiZW5hYmxlZCI6ImF1dG8iLCJlbmFibGVkSW5OYXJyb3ciOiJhdXRvIiwiYWN0aXZlIjoiYXV0byIsImRlZmF1bHRUYWIiOiJhdXRvIn0sImNtZEF1dG9QbGF5Ijp7ImVuYWJsZWQiOiJhdXRvIiwiZW5hYmxlZEluTmFycm93IjoiYXV0byIsImFjdGl2ZSI6ImF1dG8ifSwiY21kU2F2ZSI6eyJlbmFibGVkIjoiYXV0byIsImVuYWJsZWRJbk5hcnJvdyI6ImF1dG8ifSwiY21kUHJpbnQiOnsiZW5hYmxlZCI6ImF1dG8iLCJlbmFibGVkSW5OYXJyb3ciOiJhdXRvIn0sImNtZFNpbmdsZVBhZ2UiOnsiZW5hYmxlZCI6ImF1dG8iLCJlbmFibGVkSW5OYXJyb3ciOiJhdXRvIiwiYWN0aXZlIjoiYXV0byIsImFjdGl2ZUZvck1vYmlsZSI6ImF1dG8ifSwid2lkVG9vbGJhciI6eyJlbmFibGVkIjoiYXV0byIsImVuYWJsZWRJbk5hcnJvdyI6ImF1dG8ifX19LCJhdXRvVGh1bWJuYWlsIjoiaHR0cDpcL1wvd3d3LnNhbGVzY2hlcy5mclwvd3AtY29udGVudFwvdXBsb2Fkc1wvM2QtZmxpcC1ib29rXC9hdXRvLXRodW1ibmFpbHNcLzg2Mi5wbmciLCJwb3N0X25hbWUiOiJ2b2V1eDIwMjQiLCJwb3N0X3R5cGUiOiIzZC1mbGlwLWJvb2sifX0sInBhZ2VzIjpbXSwiZmlyc3RQYWdlcyI6W119');window.FB3D_CLIENT_LOCALE && FB3D_CLIENT_LOCALE.render && FB3D_CLIENT_LOCALE.render();<\/script>\n<\/div>\n<\/div>\n\n\n\n<div class=\"wp-block-media-text alignwide has-media-on-the-right is-stacked-on-mobile\" style=\"grid-template-columns:auto 15%\"><div class=\"wp-block-media-text__content\">\n<p class=\"has-black-color has-pale-cyan-blue-background-color has-text-color has-background has-medium-font-size\">Et n&#8217;h\u00e9sitez pas \u00e0 suivre la page FaceBook de la Mairie de Salesches<\/p>\n<\/div><figure class=\"wp-block-media-text__media\"><a href=\"https:\/\/www.facebook.com\/Mairie-de-Salesches-103732781118990\/\"><img loading=\"lazy\" decoding=\"async\" width=\"150\" height=\"150\" src=\"http:\/\/www.salesches.fr\/wp-content\/uploads\/2021\/10\/R-150x150.png\" alt=\"\" class=\"wp-image-318 size-thumbnail\" srcset=\"http:\/\/www.salesches.fr\/wp-content\/uploads\/2021\/10\/R-150x150.png 150w, http:\/\/www.salesches.fr\/wp-content\/uploads\/2021\/10\/R-300x300.png 300w, http:\/\/www.salesches.fr\/wp-content\/uploads\/2021\/10\/R-768x768.png 768w, http:\/\/www.salesches.fr\/wp-content\/uploads\/2021\/10\/R-465x465.png 465w, http:\/\/www.salesches.fr\/wp-content\/uploads\/2021\/10\/R-500x500.png 500w, http:\/\/www.salesches.fr\/wp-content\/uploads\/2021\/10\/R.png 800w\" sizes=\"auto, (max-width: 150px) 100vw, 150px\" \/><\/a><\/figure><\/div>\n\n\n\n<p><\/p>\n","protected":false},"excerpt":{"rendered":"<p>Cette rubrique est destin\u00e9e \u00e0 vous permettre de (re)d\u00e9couvrir le fonctionnement de la municipalit\u00e9 et ses publications. Attention, ces pages ne sont mises \u00e0 disposition qu&#8217;\u00e0 titre informatif. L&#8217;affichage officiel reste toujours valable, directement dans la cour de la mairie. Acc\u00e9dez : Aux compte-rendu des diff\u00e9rents conseils municipaux A la<span class=\"more-link\"><a href=\"http:\/\/www.salesches.fr\/?page_id=105\">Continue Reading<\/a><\/span><\/p>\n","protected":false},"author":1,"featured_media":0,"parent":0,"menu_order":0,"comment_status":"closed","ping_status":"closed","template":"","meta":{"footnotes":"","_links_to":"","_links_to_target":""},"class_list":["entry","author-pp856996-ovh","post-105","page","type-page","status-publish"],"yoast_head":"<!-- This site is optimized with the Yoast SEO plugin v26.7 - https:\/\/yoast.com\/wordpress\/plugins\/seo\/ -->\n<title>La vie municipale - Salesches<\/title>\n<meta name=\"robots\" content=\"index, follow, max-snippet:-1, max-image-preview:large, max-video-preview:-1\" \/>\n<link rel=\"canonical\" href=\"http:\/\/www.salesches.fr\/?page_id=105\" \/>\n<meta property=\"og:locale\" content=\"fr_FR\" \/>\n<meta property=\"og:type\" content=\"article\" \/>\n<meta property=\"og:title\" content=\"La vie municipale - Salesches\" \/>\n<meta property=\"og:description\" content=\"Cette rubrique est destin\u00e9e \u00e0 vous permettre de (re)d\u00e9couvrir le fonctionnement de la municipalit\u00e9 et ses publications. Attention, ces pages ne sont mises \u00e0 disposition qu&#8217;\u00e0 titre informatif. L&#8217;affichage officiel reste toujours valable, directement dans la cour de la mairie. Acc\u00e9dez : Aux compte-rendu des diff\u00e9rents conseils municipaux A laContinue Reading\" \/>\n<meta property=\"og:url\" content=\"http:\/\/www.salesches.fr\/?page_id=105\" \/>\n<meta property=\"og:site_name\" content=\"Salesches\" \/>\n<meta property=\"article:publisher\" content=\"https:\/\/www.facebook.com\/Mairie-de-Salesches-103732781118990\/\" \/>\n<meta property=\"article:modified_time\" content=\"2024-01-31T15:06:50+00:00\" \/>\n<meta property=\"og:image\" content=\"http:\/\/www.salesches.fr\/wp-content\/uploads\/2021\/10\/logopanneaupocket.jpg\" \/>\n<meta name=\"twitter:card\" content=\"summary_large_image\" \/>\n<meta name=\"twitter:label1\" content=\"Dur\u00e9e de lecture estim\u00e9e\" \/>\n\t<meta name=\"twitter:data1\" content=\"1 minute\" \/>\n<script type=\"application\/ld+json\" class=\"yoast-schema-graph\">{\"@context\":\"https:\/\/schema.org\",\"@graph\":[{\"@type\":\"WebPage\",\"@id\":\"http:\/\/www.salesches.fr\/?page_id=105\",\"url\":\"http:\/\/www.salesches.fr\/?page_id=105\",\"name\":\"La vie municipale - Salesches\",\"isPartOf\":{\"@id\":\"http:\/\/www.salesches.fr\/#website\"},\"primaryImageOfPage\":{\"@id\":\"http:\/\/www.salesches.fr\/?page_id=105#primaryimage\"},\"image\":{\"@id\":\"http:\/\/www.salesches.fr\/?page_id=105#primaryimage\"},\"thumbnailUrl\":\"http:\/\/www.salesches.fr\/wp-content\/uploads\/2021\/10\/logopanneaupocket.jpg\",\"datePublished\":\"2021-10-24T11:49:14+00:00\",\"dateModified\":\"2024-01-31T15:06:50+00:00\",\"breadcrumb\":{\"@id\":\"http:\/\/www.salesches.fr\/?page_id=105#breadcrumb\"},\"inLanguage\":\"fr-FR\",\"potentialAction\":[{\"@type\":\"ReadAction\",\"target\":[\"http:\/\/www.salesches.fr\/?page_id=105\"]}]},{\"@type\":\"ImageObject\",\"inLanguage\":\"fr-FR\",\"@id\":\"http:\/\/www.salesches.fr\/?page_id=105#primaryimage\",\"url\":\"http:\/\/www.salesches.fr\/wp-content\/uploads\/2021\/10\/logopanneaupocket.jpg\",\"contentUrl\":\"http:\/\/www.salesches.fr\/wp-content\/uploads\/2021\/10\/logopanneaupocket.jpg\",\"width\":498,\"height\":504},{\"@type\":\"BreadcrumbList\",\"@id\":\"http:\/\/www.salesches.fr\/?page_id=105#breadcrumb\",\"itemListElement\":[{\"@type\":\"ListItem\",\"position\":1,\"name\":\"Accueil\",\"item\":\"http:\/\/www.salesches.fr\/\"},{\"@type\":\"ListItem\",\"position\":2,\"name\":\"La vie municipale\"}]},{\"@type\":\"WebSite\",\"@id\":\"http:\/\/www.salesches.fr\/#website\",\"url\":\"http:\/\/www.salesches.fr\/\",\"name\":\"Salesches\",\"description\":\"Site officiel de la commune de Salesches (59218 - France)\",\"publisher\":{\"@id\":\"http:\/\/www.salesches.fr\/#organization\"},\"potentialAction\":[{\"@type\":\"SearchAction\",\"target\":{\"@type\":\"EntryPoint\",\"urlTemplate\":\"http:\/\/www.salesches.fr\/?s={search_term_string}\"},\"query-input\":{\"@type\":\"PropertyValueSpecification\",\"valueRequired\":true,\"valueName\":\"search_term_string\"}}],\"inLanguage\":\"fr-FR\"},{\"@type\":\"Organization\",\"@id\":\"http:\/\/www.salesches.fr\/#organization\",\"name\":\"Mairie de Salesches\",\"url\":\"http:\/\/www.salesches.fr\/\",\"logo\":{\"@type\":\"ImageObject\",\"inLanguage\":\"fr-FR\",\"@id\":\"http:\/\/www.salesches.fr\/#\/schema\/logo\/image\/\",\"url\":\"http:\/\/www.salesches.fr\/wp-content\/uploads\/2021\/06\/cropped-cropped-blason-salesches-1.png\",\"contentUrl\":\"http:\/\/www.salesches.fr\/wp-content\/uploads\/2021\/06\/cropped-cropped-blason-salesches-1.png\",\"width\":512,\"height\":512,\"caption\":\"Mairie de Salesches\"},\"image\":{\"@id\":\"http:\/\/www.salesches.fr\/#\/schema\/logo\/image\/\"},\"sameAs\":[\"https:\/\/www.facebook.com\/Mairie-de-Salesches-103732781118990\/\"]}]}<\/script>\n<!-- \/ Yoast SEO plugin. -->","yoast_head_json":{"title":"La vie municipale - Salesches","robots":{"index":"index","follow":"follow","max-snippet":"max-snippet:-1","max-image-preview":"max-image-preview:large","max-video-preview":"max-video-preview:-1"},"canonical":"http:\/\/www.salesches.fr\/?page_id=105","og_locale":"fr_FR","og_type":"article","og_title":"La vie municipale - Salesches","og_description":"Cette rubrique est destin\u00e9e \u00e0 vous permettre de (re)d\u00e9couvrir le fonctionnement de la municipalit\u00e9 et ses publications. Attention, ces pages ne sont mises \u00e0 disposition qu&#8217;\u00e0 titre informatif. L&#8217;affichage officiel reste toujours valable, directement dans la cour de la mairie. Acc\u00e9dez : Aux compte-rendu des diff\u00e9rents conseils municipaux A laContinue Reading","og_url":"http:\/\/www.salesches.fr\/?page_id=105","og_site_name":"Salesches","article_publisher":"https:\/\/www.facebook.com\/Mairie-de-Salesches-103732781118990\/","article_modified_time":"2024-01-31T15:06:50+00:00","og_image":[{"url":"http:\/\/www.salesches.fr\/wp-content\/uploads\/2021\/10\/logopanneaupocket.jpg","type":"","width":"","height":""}],"twitter_card":"summary_large_image","twitter_misc":{"Dur\u00e9e de lecture estim\u00e9e":"1 minute"},"schema":{"@context":"https:\/\/schema.org","@graph":[{"@type":"WebPage","@id":"http:\/\/www.salesches.fr\/?page_id=105","url":"http:\/\/www.salesches.fr\/?page_id=105","name":"La vie municipale - Salesches","isPartOf":{"@id":"http:\/\/www.salesches.fr\/#website"},"primaryImageOfPage":{"@id":"http:\/\/www.salesches.fr\/?page_id=105#primaryimage"},"image":{"@id":"http:\/\/www.salesches.fr\/?page_id=105#primaryimage"},"thumbnailUrl":"http:\/\/www.salesches.fr\/wp-content\/uploads\/2021\/10\/logopanneaupocket.jpg","datePublished":"2021-10-24T11:49:14+00:00","dateModified":"2024-01-31T15:06:50+00:00","breadcrumb":{"@id":"http:\/\/www.salesches.fr\/?page_id=105#breadcrumb"},"inLanguage":"fr-FR","potentialAction":[{"@type":"ReadAction","target":["http:\/\/www.salesches.fr\/?page_id=105"]}]},{"@type":"ImageObject","inLanguage":"fr-FR","@id":"http:\/\/www.salesches.fr\/?page_id=105#primaryimage","url":"http:\/\/www.salesches.fr\/wp-content\/uploads\/2021\/10\/logopanneaupocket.jpg","contentUrl":"http:\/\/www.salesches.fr\/wp-content\/uploads\/2021\/10\/logopanneaupocket.jpg","width":498,"height":504},{"@type":"BreadcrumbList","@id":"http:\/\/www.salesches.fr\/?page_id=105#breadcrumb","itemListElement":[{"@type":"ListItem","position":1,"name":"Accueil","item":"http:\/\/www.salesches.fr\/"},{"@type":"ListItem","position":2,"name":"La vie municipale"}]},{"@type":"WebSite","@id":"http:\/\/www.salesches.fr\/#website","url":"http:\/\/www.salesches.fr\/","name":"Salesches","description":"Site officiel de la commune de Salesches (59218 - France)","publisher":{"@id":"http:\/\/www.salesches.fr\/#organization"},"potentialAction":[{"@type":"SearchAction","target":{"@type":"EntryPoint","urlTemplate":"http:\/\/www.salesches.fr\/?s={search_term_string}"},"query-input":{"@type":"PropertyValueSpecification","valueRequired":true,"valueName":"search_term_string"}}],"inLanguage":"fr-FR"},{"@type":"Organization","@id":"http:\/\/www.salesches.fr\/#organization","name":"Mairie de Salesches","url":"http:\/\/www.salesches.fr\/","logo":{"@type":"ImageObject","inLanguage":"fr-FR","@id":"http:\/\/www.salesches.fr\/#\/schema\/logo\/image\/","url":"http:\/\/www.salesches.fr\/wp-content\/uploads\/2021\/06\/cropped-cropped-blason-salesches-1.png","contentUrl":"http:\/\/www.salesches.fr\/wp-content\/uploads\/2021\/06\/cropped-cropped-blason-salesches-1.png","width":512,"height":512,"caption":"Mairie de Salesches"},"image":{"@id":"http:\/\/www.salesches.fr\/#\/schema\/logo\/image\/"},"sameAs":["https:\/\/www.facebook.com\/Mairie-de-Salesches-103732781118990\/"]}]}},"_links":{"self":[{"href":"http:\/\/www.salesches.fr\/index.php?rest_route=\/wp\/v2\/pages\/105","targetHints":{"allow":["GET"]}}],"collection":[{"href":"http:\/\/www.salesches.fr\/index.php?rest_route=\/wp\/v2\/pages"}],"about":[{"href":"http:\/\/www.salesches.fr\/index.php?rest_route=\/wp\/v2\/types\/page"}],"author":[{"embeddable":true,"href":"http:\/\/www.salesches.fr\/index.php?rest_route=\/wp\/v2\/users\/1"}],"replies":[{"embeddable":true,"href":"http:\/\/www.salesches.fr\/index.php?rest_route=%2Fwp%2Fv2%2Fcomments&post=105"}],"version-history":[{"count":15,"href":"http:\/\/www.salesches.fr\/index.php?rest_route=\/wp\/v2\/pages\/105\/revisions"}],"predecessor-version":[{"id":866,"href":"http:\/\/www.salesches.fr\/index.php?rest_route=\/wp\/v2\/pages\/105\/revisions\/866"}],"wp:attachment":[{"href":"http:\/\/www.salesches.fr\/index.php?rest_route=%2Fwp%2Fv2%2Fmedia&parent=105"}],"curies":[{"name":"wp","href":"https:\/\/api.w.org\/{rel}","templated":true}]}}